{"id":374,"date":"2022-01-31T03:22:56","date_gmt":"2022-01-31T03:22:56","guid":{"rendered":"https:\/\/szentjozsef.org\/szent-jozsef-egy-szent-apai-szivvel\/"},"modified":"2023-09-21T02:07:51","modified_gmt":"2023-09-21T02:07:51","slug":"szent-jozsef-egy-szent-apai-szivvel","status":"publish","type":"page","link":"https:\/\/szentjozsef.org\/hu\/szent-jozsef-egy-szent-apai-szivvel\/","title":{"rendered":"Szent J\u00f3zsef, egy szent &#8216;Apai sz\u00edvvel&#8217;."},"content":{"rendered":"\n<p>A Szent J\u00f3zsef Egyes\u00fclet (San Jos\u00e9 spanyolul) egy Argentin Katolikus Magyar civil nonprofit szervezet. Elk\u00f6telezett laikusok sz\u00e1nd\u00e9kai \u00f6sszes\u00edt\u00e9s\u00e9nek k\u00f6sz\u00f6nhet\u0151en \u00e9s f\u0151k\u00e9nt az MKPK K\u00fclf\u00f6ldi Magyar Lelkip\u00e1sztori Szolg\u00e1lata f\u00e1radhatatlan munk\u00e1j\u00e1nak eredm\u00e9nyek\u00e9nt sz\u00fcletett meg, hogy minden j\u00f3akarat\u00fa emberhez eljuttassa a j\u00f3 h\u00edrt. F\u0151leg a vil\u00e1gban sz\u00e9tsz\u00f3r\u00f3dott magyaroknak \u00e9s lesz\u00e1rmazottjaiknak.<\/p>\n\n<p>Ez az \u00f6tlet, amit megval\u00f3s\u00edtottunk, a 2021-es budapesti Nemzetk\u00f6zi Eucharisztikus Kongresszus f\u00e9ny\u00e9ben sz\u00fcletett. \u00c9s mivel 2021 Szent J\u00f3zsef \u00e9ve volt, az egyetemes Egyh\u00e1z v\u00e9d\u0151szentje, \u00fagy t\u0171nt nek\u00fcnk, hogy a P\u00e1pa apostoli level\u00e9ben \u00edrt <a href=\"https:\/\/www.vatican.va\/content\/francesco\/es\/apost_letters\/documents\/papa-francesco-lettera-ap_20201208_patris-corde.html\" target=\"_blank\" rel=\"noreferrer noopener\">\u00abPatris corde\u00bb<\/a> szerint a mi int\u00e9zm\u00e9ny\u00fcnk sz\u00e1m\u00e1ra is megfelel\u0151 lenne a szent nev\u00e9nek felv\u00e9tele:\u201cApai sz\u00edvvel\u201d.<\/p>\n\n<p>Ebben az \u00e9rtelemben megosztjuk veletek a Szentatya saj\u00e1t reflexi\u00f3j\u00e1t Szent J\u00f3zsefr\u0151l:<\/p>\n\n<p><em>&#8222;Ez\u00e9rt, mivel sz\u00e1z\u00f6tven \u00e9v telt el az\u00f3ta, hogy Boldog IX. Piusz 1870. december 8-\u00e1n a Katolikus Egyh\u00e1z v\u00e9d\u0151szentj\u00e9v\u00e9 nyilv\u00e1n\u00edtotta, azt szeretn\u00e9m \u2013 amint J\u00e9zus mondja \u2013, hogy \u201ea sz\u00e1j kifejezze azt, amivel csordultig van a sz\u00edv\u201d (v\u00f6. Mt 12,34), hogy megosszam veletek n\u00e9h\u00e1ny szem\u00e9lyes gondolatomat err\u0151l a rendk\u00edv\u00fcli szem\u00e9lyis\u00e9gr\u0151l, aki oly k\u00f6zel \u00e1ll mindny\u00e1junk emberi \u00e1llapot\u00e1hoz. E v\u00e1gyam a vil\u00e1gj\u00e1rv\u00e1nynak ezekben a h\u00f3napjaiban \u00e9rlel\u0151d\u00f6tt meg, amikor a minket s\u00fajt\u00f3 v\u00e1ls\u00e1g k\u00f6zepette azt tapasztaljuk, hogy \u00ab\u00e9let\u00fcnket olyan \u2013 legt\u00f6bbsz\u00f6r elfeledett \u2013 h\u00e9tk\u00f6znapi emberek sz\u00f6vik egybe \u00e9s tartj\u00e1k fenn, akik soha nem jelennek meg az \u00fajs\u00e1gok \u00e9s magazinok c\u00edmlapjain, sem a leg\u00fajabb show-m\u0171sorok l\u00e1tv\u00e1nyos kifut\u00f3in, \u00e1m napjainkban m\u00e9gis k\u00e9ts\u00e9gk\u00edv\u00fcl \u0151k \u00edrj\u00e1k t\u00f6rt\u00e9nelm\u00fcnk d\u00f6nt\u0151 fontoss\u00e1g\u00fa lapjait: az orvosok, az \u00e1pol\u00f3k, a bev\u00e1s\u00e1rl\u00f3k\u00f6zpontok dolgoz\u00f3i, a takar\u00edt\u00f3k, a gondoz\u00f3k, a sz\u00e1ll\u00edt\u00f3k, a rendfenntart\u00f3k, az \u00f6nk\u00e9ntesek, a papok, a szerzetesek \u00e9s m\u00e9g soknak m\u00e1sok, akik meg\u00e9rtett\u00e9k, hogy senki sem menek\u00fclhet meg egyed\u00fcl. [\u2026] <\/em><\/p>\n\n<p><em>H\u00e1ny ember van, aki minden \u00e1ldott nap t\u00fcrelmet gyakorol \u00e9s rem\u00e9nys\u00e9get sug\u00e1roz, aki figyel arra, hogy ne p\u00e1nikot keltsen, hanem a k\u00f6z\u00f6s felel\u0151ss\u00e9gv\u00e1llal\u00e1sra figyelmeztessen? H\u00e1ny apa, anya, nagypapa, nagymama \u00e9s tan\u00e1r mutatja meg apr\u00f3, mindennapi mozdulatokkal gyermekeinknek, hogy mik\u00e9nt n\u00e9zzenek szembe ezzel a v\u00e1ls\u00e1ggal s jussanak t\u00fal rajta: \u00fajragondolva szok\u00e1sainkat, felemelve tekintet\u00fcnket \u00e9s buzg\u00f3bban im\u00e1dkozva? H\u00e1nyan im\u00e1dkoznak, tesznek felaj\u00e1nl\u00e1st \u00e9s j\u00e1rnak k\u00f6zben mindannyiunk jav\u00e1ra?\u00bb. Szent J\u00f3zsefben mindenki megtal\u00e1lhatja az \u00e9szrev\u00e9tlen\u00fcl marad\u00f3 embert, a mindennapi jelenl\u00e9t\u00e9ben diszkr\u00e9t \u00e9s rejtett embert, a k\u00f6zbenj\u00e1r\u00f3t, a t\u00e1mogat\u00f3t \u00e9s a vezet\u0151t a neh\u00e9z id\u0151kben. Szent J\u00f3zsef eml\u00e9keztet benn\u00fcnket arra, hogy mindazok, akik l\u00e1tsz\u00f3lag rejtve vagy a \u201cm\u00e1sodik vonalban\u201d vannak, p\u00e1ratlan f\u0151szerepl\u0151i az \u00fcdv\u00f6ss\u00e9g t\u00f6rt\u00e9net\u00e9nek.&#8221;<\/em><\/p>\n\n<p>Meggy\u0151z\u0151d\u00e9s\u00fcnk, hogy ez nem az emberek \u00e9rdeme, hanem ism\u00e9t az Isten Szentlelke f\u00fajt a sz\u00edveikben fel\u00e9l\u00e9nk\u00edtve a P\u00fcnk\u00f6sd t\u00fcz\u00e9t, hogy kimenj\u00fcnk testv\u00e9reink megkeres\u00e9s\u00e9re. Az t\u00f6rt\u00e9nt, hogy k\u00f6vett\u00fck a l\u00e1tott \u00e9s hallott p\u00e9ld\u00e1t, hogy \u00f6sszeadjuk akaratainkat \u00e9s k\u00f6zrem\u0171k\u00f6dj\u00fcnk szer\u00e9ny hely\u00fcnkr\u0151l Isten hatalmas terv\u00e9ben k\u00f6vetve Szent J\u00f3zsef p\u00e9ld\u00e1j\u00e1t.<\/p>\n<div class=\"wp-block-image\">\n<figure class=\"aligncenter size-full\"><img data-recalc-dims=\"1\" loading=\"lazy\" decoding=\"async\" width=\"500\" height=\"500\" src=\"https:\/\/i0.wp.com\/szentjozsef.org\/wp-content\/uploads\/2022\/01\/10-1.png?resize=500%2C500&#038;ssl=1\" alt=\"Szent J&#xF3;zsef, egy szent 'Apai sz&#xED;vvel'.\" class=\"wp-image-15\" srcset=\"https:\/\/i0.wp.com\/szentjozsef.org\/wp-content\/uploads\/2022\/01\/10-1.png?w=500&amp;ssl=1 500w, https:\/\/i0.wp.com\/szentjozsef.org\/wp-content\/uploads\/2022\/01\/10-1.png?resize=300%2C300&amp;ssl=1 300w, https:\/\/i0.wp.com\/szentjozsef.org\/wp-content\/uploads\/2022\/01\/10-1.png?resize=150%2C150&amp;ssl=1 150w\" sizes=\"auto, (max-width: 500px) 100vw, 500px\" \/><\/figure>\n<\/div>","protected":false},"excerpt":{"rendered":"<p>A Szent J\u00f3zsef Egyes\u00fclet (San Jos\u00e9 spanyolul) egy Argentin Katolikus Magyar civil nonprofit szervezet. Elk\u00f6telezett laikusok sz\u00e1nd\u00e9kai \u00f6sszes\u00edt\u00e9s\u00e9nek k\u00f6sz\u00f6nhet\u0151en \u00e9s f\u0151k\u00e9nt az MKPK K\u00fclf\u00f6ldi Magyar Lelkip\u00e1sztori Szolg\u00e1lata f\u00e1radhatatlan munk\u00e1j\u00e1nak eredm\u00e9nyek\u00e9nt&hellip;<\/p>\n","protected":false},"author":1,"featured_media":0,"parent":0,"menu_order":0,"comment_status":"closed","ping_status":"closed","template":"","meta":{"footnotes":""},"class_list":["post-374","page","type-page","status-publish","hentry"],"yoast_head":"<!-- This site is optimized with the Yoast SEO Premium plugin v21.3 (Yoast SEO v27.4) - https:\/\/yoast.com\/product\/yoast-seo-premium-wordpress\/ -->\n<title>Szent J\u00f3zsef, egy szent &#039;Apai sz\u00edvvel&#039;. - Szent J\u00f3zsef<\/title>\n<meta name=\"description\" content=\"A Szent J\u00f3zsef Egyes\u00fclet (San Jos\u00e9 spanyolul) egy Argentin Katolikus Magyar civil nonprofit szervezet.\" \/>\n<meta name=\"robots\" content=\"index, follow, max-snippet:-1, max-image-preview:large, max-video-preview:-1\" \/>\n<link rel=\"canonical\" href=\"https:\/\/szentjozsef.org\/hu\/szent-jozsef-egy-szent-apai-szivvel\/\" \/>\n<meta property=\"og:locale\" content=\"hu_HU\" \/>\n<meta property=\"og:type\" content=\"article\" \/>\n<meta property=\"og:title\" content=\"Szent J\u00f3zsef, egy szent &#039;Apai sz\u00edvvel&#039;.\" \/>\n<meta property=\"og:description\" content=\"A Szent J\u00f3zsef Egyes\u00fclet (San Jos\u00e9 spanyolul) egy Argentin Katolikus Magyar civil nonprofit szervezet.\" \/>\n<meta property=\"og:url\" content=\"https:\/\/szentjozsef.org\/hu\/szent-jozsef-egy-szent-apai-szivvel\/\" \/>\n<meta property=\"og:site_name\" content=\"Szent J\u00f3zsef\" \/>\n<meta property=\"article:modified_time\" content=\"2023-09-21T02:07:51+00:00\" \/>\n<meta property=\"og:image\" content=\"https:\/\/szentjozsef.org\/wp-content\/uploads\/2022\/01\/10-1.png\" \/>\n<meta name=\"twitter:card\" content=\"summary_large_image\" \/>\n<meta name=\"twitter:site\" content=\"@SzentJozsef\" \/>\n<meta name=\"twitter:label1\" content=\"Becs\u00fclt olvas\u00e1si id\u0151\" \/>\n\t<meta name=\"twitter:data1\" content=\"3 perc\" \/>\n<script type=\"application\/ld+json\" class=\"yoast-schema-graph\">{\"@context\":\"https:\\\/\\\/schema.org\",\"@graph\":[{\"@type\":\"WebPage\",\"@id\":\"https:\\\/\\\/szentjozsef.org\\\/hu\\\/szent-jozsef-egy-szent-apai-szivvel\\\/\",\"url\":\"https:\\\/\\\/szentjozsef.org\\\/hu\\\/szent-jozsef-egy-szent-apai-szivvel\\\/\",\"name\":\"Szent J\u00f3zsef, egy szent 'Apai sz\u00edvvel'. - Szent J\u00f3zsef\",\"isPartOf\":{\"@id\":\"https:\\\/\\\/szentjozsef.org\\\/hu\\\/#website\"},\"primaryImageOfPage\":{\"@id\":\"https:\\\/\\\/szentjozsef.org\\\/hu\\\/szent-jozsef-egy-szent-apai-szivvel\\\/#primaryimage\"},\"image\":{\"@id\":\"https:\\\/\\\/szentjozsef.org\\\/hu\\\/szent-jozsef-egy-szent-apai-szivvel\\\/#primaryimage\"},\"thumbnailUrl\":\"https:\\\/\\\/szentjozsef.org\\\/wp-content\\\/uploads\\\/2022\\\/01\\\/10-1.png\",\"datePublished\":\"2022-01-31T03:22:56+00:00\",\"dateModified\":\"2023-09-21T02:07:51+00:00\",\"description\":\"A Szent J\u00f3zsef Egyes\u00fclet (San Jos\u00e9 spanyolul) egy Argentin Katolikus Magyar civil nonprofit szervezet.\",\"breadcrumb\":{\"@id\":\"https:\\\/\\\/szentjozsef.org\\\/hu\\\/szent-jozsef-egy-szent-apai-szivvel\\\/#breadcrumb\"},\"inLanguage\":\"hu\",\"potentialAction\":[{\"@type\":\"ReadAction\",\"target\":[\"https:\\\/\\\/szentjozsef.org\\\/hu\\\/szent-jozsef-egy-szent-apai-szivvel\\\/\"]}]},{\"@type\":\"ImageObject\",\"inLanguage\":\"hu\",\"@id\":\"https:\\\/\\\/szentjozsef.org\\\/hu\\\/szent-jozsef-egy-szent-apai-szivvel\\\/#primaryimage\",\"url\":\"https:\\\/\\\/szentjozsef.org\\\/wp-content\\\/uploads\\\/2022\\\/01\\\/10-1.png\",\"contentUrl\":\"https:\\\/\\\/szentjozsef.org\\\/wp-content\\\/uploads\\\/2022\\\/01\\\/10-1.png\"},{\"@type\":\"BreadcrumbList\",\"@id\":\"https:\\\/\\\/szentjozsef.org\\\/hu\\\/szent-jozsef-egy-szent-apai-szivvel\\\/#breadcrumb\",\"itemListElement\":[{\"@type\":\"ListItem\",\"position\":1,\"name\":\"F\u0151oldal\",\"item\":\"https:\\\/\\\/szentjozsef.org\\\/hu\\\/\"},{\"@type\":\"ListItem\",\"position\":2,\"name\":\"Szent J\u00f3zsef, egy szent &#8216;Apai sz\u00edvvel&#8217;.\"}]},{\"@type\":\"WebSite\",\"@id\":\"https:\\\/\\\/szentjozsef.org\\\/hu\\\/#website\",\"url\":\"https:\\\/\\\/szentjozsef.org\\\/hu\\\/\",\"name\":\"Szent J\u00f3zsef\",\"description\":\"\u201cSAN JOSE HUNGAROS CATOLICOS DE ARGENTINA ASOCIACION CIVIL\u201d  \u2013 Szent J\u00f3zsef, argent\u00ednai katolikus magyar civil egyes\u00fclet \u2013\",\"publisher\":{\"@id\":\"https:\\\/\\\/szentjozsef.org\\\/hu\\\/#organization\"},\"potentialAction\":[{\"@type\":\"SearchAction\",\"target\":{\"@type\":\"EntryPoint\",\"urlTemplate\":\"https:\\\/\\\/szentjozsef.org\\\/hu\\\/?s={search_term_string}\"},\"query-input\":{\"@type\":\"PropertyValueSpecification\",\"valueRequired\":true,\"valueName\":\"search_term_string\"}}],\"inLanguage\":\"hu\"},{\"@type\":\"Organization\",\"@id\":\"https:\\\/\\\/szentjozsef.org\\\/hu\\\/#organization\",\"name\":\"Szent J\u00f3zsef \\\/ San Jos\u00e9\",\"url\":\"https:\\\/\\\/szentjozsef.org\\\/hu\\\/\",\"logo\":{\"@type\":\"ImageObject\",\"inLanguage\":\"hu\",\"@id\":\"https:\\\/\\\/szentjozsef.org\\\/hu\\\/#\\\/schema\\\/logo\\\/image\\\/\",\"url\":\"https:\\\/\\\/i0.wp.com\\\/szentjozsef.org\\\/wp-content\\\/uploads\\\/2022\\\/01\\\/10-1.png?fit=500%2C500&ssl=1\",\"contentUrl\":\"https:\\\/\\\/i0.wp.com\\\/szentjozsef.org\\\/wp-content\\\/uploads\\\/2022\\\/01\\\/10-1.png?fit=500%2C500&ssl=1\",\"width\":500,\"height\":500,\"caption\":\"Szent J\u00f3zsef \\\/ San Jos\u00e9\"},\"image\":{\"@id\":\"https:\\\/\\\/szentjozsef.org\\\/hu\\\/#\\\/schema\\\/logo\\\/image\\\/\"},\"sameAs\":[\"https:\\\/\\\/x.com\\\/SzentJozsef\",\"https:\\\/\\\/www.youtube.com\\\/channel\\\/UCes8RN4qyFrTp80YfCedw7g\"]}]}<\/script>\n<!-- \/ Yoast SEO Premium plugin. -->","yoast_head_json":{"title":"Szent J\u00f3zsef, egy szent 'Apai sz\u00edvvel'. - Szent J\u00f3zsef","description":"A Szent J\u00f3zsef Egyes\u00fclet (San Jos\u00e9 spanyolul) egy Argentin Katolikus Magyar civil nonprofit szervezet.","robots":{"index":"index","follow":"follow","max-snippet":"max-snippet:-1","max-image-preview":"max-image-preview:large","max-video-preview":"max-video-preview:-1"},"canonical":"https:\/\/szentjozsef.org\/hu\/szent-jozsef-egy-szent-apai-szivvel\/","og_locale":"hu_HU","og_type":"article","og_title":"Szent J\u00f3zsef, egy szent 'Apai sz\u00edvvel'.","og_description":"A Szent J\u00f3zsef Egyes\u00fclet (San Jos\u00e9 spanyolul) egy Argentin Katolikus Magyar civil nonprofit szervezet.","og_url":"https:\/\/szentjozsef.org\/hu\/szent-jozsef-egy-szent-apai-szivvel\/","og_site_name":"Szent J\u00f3zsef","article_modified_time":"2023-09-21T02:07:51+00:00","og_image":[{"url":"https:\/\/szentjozsef.org\/wp-content\/uploads\/2022\/01\/10-1.png","type":"","width":"","height":""}],"twitter_card":"summary_large_image","twitter_site":"@SzentJozsef","twitter_misc":{"Becs\u00fclt olvas\u00e1si id\u0151":"3 perc"},"schema":{"@context":"https:\/\/schema.org","@graph":[{"@type":"WebPage","@id":"https:\/\/szentjozsef.org\/hu\/szent-jozsef-egy-szent-apai-szivvel\/","url":"https:\/\/szentjozsef.org\/hu\/szent-jozsef-egy-szent-apai-szivvel\/","name":"Szent J\u00f3zsef, egy szent 'Apai sz\u00edvvel'. - Szent J\u00f3zsef","isPartOf":{"@id":"https:\/\/szentjozsef.org\/hu\/#website"},"primaryImageOfPage":{"@id":"https:\/\/szentjozsef.org\/hu\/szent-jozsef-egy-szent-apai-szivvel\/#primaryimage"},"image":{"@id":"https:\/\/szentjozsef.org\/hu\/szent-jozsef-egy-szent-apai-szivvel\/#primaryimage"},"thumbnailUrl":"https:\/\/szentjozsef.org\/wp-content\/uploads\/2022\/01\/10-1.png","datePublished":"2022-01-31T03:22:56+00:00","dateModified":"2023-09-21T02:07:51+00:00","description":"A Szent J\u00f3zsef Egyes\u00fclet (San Jos\u00e9 spanyolul) egy Argentin Katolikus Magyar civil nonprofit szervezet.","breadcrumb":{"@id":"https:\/\/szentjozsef.org\/hu\/szent-jozsef-egy-szent-apai-szivvel\/#breadcrumb"},"inLanguage":"hu","potentialAction":[{"@type":"ReadAction","target":["https:\/\/szentjozsef.org\/hu\/szent-jozsef-egy-szent-apai-szivvel\/"]}]},{"@type":"ImageObject","inLanguage":"hu","@id":"https:\/\/szentjozsef.org\/hu\/szent-jozsef-egy-szent-apai-szivvel\/#primaryimage","url":"https:\/\/szentjozsef.org\/wp-content\/uploads\/2022\/01\/10-1.png","contentUrl":"https:\/\/szentjozsef.org\/wp-content\/uploads\/2022\/01\/10-1.png"},{"@type":"BreadcrumbList","@id":"https:\/\/szentjozsef.org\/hu\/szent-jozsef-egy-szent-apai-szivvel\/#breadcrumb","itemListElement":[{"@type":"ListItem","position":1,"name":"F\u0151oldal","item":"https:\/\/szentjozsef.org\/hu\/"},{"@type":"ListItem","position":2,"name":"Szent J\u00f3zsef, egy szent &#8216;Apai sz\u00edvvel&#8217;."}]},{"@type":"WebSite","@id":"https:\/\/szentjozsef.org\/hu\/#website","url":"https:\/\/szentjozsef.org\/hu\/","name":"Szent J\u00f3zsef","description":"\u201cSAN JOSE HUNGAROS CATOLICOS DE ARGENTINA ASOCIACION CIVIL\u201d  \u2013 Szent J\u00f3zsef, argent\u00ednai katolikus magyar civil egyes\u00fclet \u2013","publisher":{"@id":"https:\/\/szentjozsef.org\/hu\/#organization"},"potentialAction":[{"@type":"SearchAction","target":{"@type":"EntryPoint","urlTemplate":"https:\/\/szentjozsef.org\/hu\/?s={search_term_string}"},"query-input":{"@type":"PropertyValueSpecification","valueRequired":true,"valueName":"search_term_string"}}],"inLanguage":"hu"},{"@type":"Organization","@id":"https:\/\/szentjozsef.org\/hu\/#organization","name":"Szent J\u00f3zsef \/ San Jos\u00e9","url":"https:\/\/szentjozsef.org\/hu\/","logo":{"@type":"ImageObject","inLanguage":"hu","@id":"https:\/\/szentjozsef.org\/hu\/#\/schema\/logo\/image\/","url":"https:\/\/i0.wp.com\/szentjozsef.org\/wp-content\/uploads\/2022\/01\/10-1.png?fit=500%2C500&ssl=1","contentUrl":"https:\/\/i0.wp.com\/szentjozsef.org\/wp-content\/uploads\/2022\/01\/10-1.png?fit=500%2C500&ssl=1","width":500,"height":500,"caption":"Szent J\u00f3zsef \/ San Jos\u00e9"},"image":{"@id":"https:\/\/szentjozsef.org\/hu\/#\/schema\/logo\/image\/"},"sameAs":["https:\/\/x.com\/SzentJozsef","https:\/\/www.youtube.com\/channel\/UCes8RN4qyFrTp80YfCedw7g"]}]}},"jetpack_sharing_enabled":true,"_links":{"self":[{"href":"https:\/\/szentjozsef.org\/hu\/wp-json\/wp\/v2\/pages\/374","targetHints":{"allow":["GET"]}}],"collection":[{"href":"https:\/\/szentjozsef.org\/hu\/wp-json\/wp\/v2\/pages"}],"about":[{"href":"https:\/\/szentjozsef.org\/hu\/wp-json\/wp\/v2\/types\/page"}],"author":[{"embeddable":true,"href":"https:\/\/szentjozsef.org\/hu\/wp-json\/wp\/v2\/users\/1"}],"replies":[{"embeddable":true,"href":"https:\/\/szentjozsef.org\/hu\/wp-json\/wp\/v2\/comments?post=374"}],"version-history":[{"count":4,"href":"https:\/\/szentjozsef.org\/hu\/wp-json\/wp\/v2\/pages\/374\/revisions"}],"predecessor-version":[{"id":475,"href":"https:\/\/szentjozsef.org\/hu\/wp-json\/wp\/v2\/pages\/374\/revisions\/475"}],"wp:attachment":[{"href":"https:\/\/szentjozsef.org\/hu\/wp-json\/wp\/v2\/media?parent=374"}],"curies":[{"name":"wp","href":"https:\/\/api.w.org\/{rel}","templated":true}]}}